{"id":871,"date":"2018-08-31T13:14:04","date_gmt":"2018-08-31T16:14:04","guid":{"rendered":"https:\/\/ens9005-mza.infd.edu.ar\/sitio\/autoridades-organigrama\/"},"modified":"2024-10-22T20:04:01","modified_gmt":"2024-10-22T23:04:01","slug":"autoridades-organigrama","status":"publish","type":"page","link":"https:\/\/ens9005-infd.mendoza.edu.ar\/sitio\/autoridades-organigrama\/","title":{"rendered":"Autoridades-Organigrama"},"content":{"rendered":"\n<figure class=\"wp-block-table\"><table><tbody><tr><td> <mark style=\"background-color:rgba(0, 0, 0, 0)\" class=\"has-inline-color has-accent-color\"><h3><span style=\"font-size: 8pt; font-family: georgia, palatino; color: #000000;\"><strong>RECTOR: Prof. Jos\u00e9 Luis Ferro<\/strong><\/span><\/h3> <h3><span style=\"font-size: 8pt; font-family: georgia, palatino; color: #000000;\"><strong>SECRETARIO: Prof. Jes\u00fas A. Pietropaolo\u00a0<\/strong><\/span><\/h3> <h3><span style=\"font-size: 8pt; font-family: georgia, palatino; color: #000000;\"><strong>JEFATURA DE FORMACI\u00d3N INICIAL:\u00a0Prof. Ivana Rosales<\/strong><\/span><\/h3> <h3><span style=\"font-size: 8pt; font-family: georgia, palatino; color: #000000;\"><strong>JEFATURA DE EXTENSI\u00d3N Y CAPACITACI\u00d3N: Prof. Susana Cuello<\/strong><\/span><\/h3> <h3><span style=\"font-size: 8pt; font-family: georgia, palatino; color: #000000;\"><strong>COORDINACI\u00d3N TECNICATURA AGRON\u00d3MICA: Prof .H\u00e9ctor Barzola<\/strong><\/span><\/h3> <h3><span style=\"font-size: 8pt; font-family: georgia, palatino; color: #000000;\"><strong>COORDINACI\u00d3N PROFE EDUCACI\u00d3N ESPECIAL: Prof. Andrea Hlosca<\/strong><\/span><\/h3> <h3><span style=\"font-size: 8pt; font-family: georgia, palatino; color: #000000;\"><strong>COORDINADOR TECNICATURA de Software: Prof. Luis Navarro<\/strong><\/span><\/h3><\/mark> <\/td><td>&nbsp; <span style=\"font-size: 12pt;\"><a title=\"ORGANIGRAMA _ 2015\" href=\"upload\/Organigrama__de_la_ENS_n_9005_dici.pdf\" target=\"_blank\" rel=\"noopener\"><em>&nbsp;VER<\/em><\/a><\/span>\n<p>&nbsp;<\/p>\n<p><span style=\"font-size: 12pt;\"><a title=\"ORGANIGRAMA _ 2015\" href=\"upload\/Organigrama__de_la_ENS_n_9005_dici.pdf\" target=\"_blank\" rel=\"noopener\"><em>ORGANIGRAMA<\/em> <\/a>&nbsp;<\/span><\/p>\n<\/td><\/tr><\/tbody><\/table><\/figure>\n","protected":false},"excerpt":{"rendered":"<p>RECTOR: Prof. Jos\u00e9 Luis Ferro SECRETARIO: Prof. Jes\u00fas A. Pietropaolo\u00a0 JEFATURA DE FORMACI\u00d3N INICIAL:\u00a0Prof. Ivana Rosales JEFATURA DE EXTENSI\u00d3N Y CAPACITACI\u00d3N: Prof. Susana Cuello COORDINACI\u00d3N TECNICATURA AGRON\u00d3MICA: Prof .H\u00e9ctor Barzola COORDINACI\u00d3N PROFE EDUCACI\u00d3N ESPECIAL: Prof. Andrea Hlosca COORDINADOR TECNICATURA de Software: Prof. Luis Navarro &nbsp; &nbsp;VER &nbsp; ORGANIGRAMA &nbsp;<\/p>\n","protected":false},"author":163,"featured_media":0,"parent":0,"menu_order":0,"comment_status":"closed","ping_status":"closed","template":"","meta":[],"acf":[],"_links":{"self":[{"href":"https:\/\/ens9005-infd.mendoza.edu.ar\/sitio\/wp-json\/wp\/v2\/pages\/871"}],"collection":[{"href":"https:\/\/ens9005-infd.mendoza.edu.ar\/sitio\/wp-json\/wp\/v2\/pages"}],"about":[{"href":"https:\/\/ens9005-infd.mendoza.edu.ar\/sitio\/wp-json\/wp\/v2\/types\/page"}],"author":[{"embeddable":true,"href":"https:\/\/ens9005-infd.mendoza.edu.ar\/sitio\/wp-json\/wp\/v2\/users\/163"}],"replies":[{"embeddable":true,"href":"https:\/\/ens9005-infd.mendoza.edu.ar\/sitio\/wp-json\/wp\/v2\/comments?post=871"}],"version-history":[{"count":5,"href":"https:\/\/ens9005-infd.mendoza.edu.ar\/sitio\/wp-json\/wp\/v2\/pages\/871\/revisions"}],"predecessor-version":[{"id":1968,"href":"https:\/\/ens9005-infd.mendoza.edu.ar\/sitio\/wp-json\/wp\/v2\/pages\/871\/revisions\/1968"}],"wp:attachment":[{"href":"https:\/\/ens9005-infd.mendoza.edu.ar\/sitio\/wp-json\/wp\/v2\/media?parent=871"}],"curies":[{"name":"wp","href":"https:\/\/api.w.org\/{rel}","templated":true}]}}