{"id":849,"date":"2018-08-31T13:13:55","date_gmt":"2018-08-31T16:13:55","guid":{"rendered":"https:\/\/ens9005-mza.infd.edu.ar\/sitio\/prof-de-educacion-especial\/"},"modified":"2026-02-25T11:12:55","modified_gmt":"2026-02-25T14:12:55","slug":"prof-de-educacion-especial","status":"publish","type":"page","link":"https:\/\/ens9005-infd.mendoza.edu.ar\/sitio\/prof-de-educacion-especial\/","title":{"rendered":"PROFESORADO DE EDUCACI\u00d3N ESPECIAL CON ORIENTACI\u00d3N EN DISCAPACIDAD INTELECTUAL"},"content":{"rendered":"<p><span style=\"font-family: 'comic sans ms', sans-serif; font-size: 14pt;\">Duraci\u00f3n: 4 a\u00f1os. Resoluci\u00f3n N\u00b0 6866 \/ 2023<\/span><\/p>\n<p><span style=\"font-weight: 400;\">Tiene por objetivo contribuir al fortalecimiento de la Educaci\u00f3n Especial en la Provincia de Mendoza, entendida como una Modalidad Educativa y como una estrategia clave para garantizar la equidad y la inclusi\u00f3n social. A trav\u00e9s de la Formaci\u00f3n Inicial de \u201cProfesores de Educaci\u00f3n Especial\u201d, se busca formar docentes capaces de asumirse como educadores comprometidos, profundamente vinculados con ni\u00f1as, ni\u00f1os, adolescentes, j\u00f3venes y adultos con discapacidad intelectual. Se promueve el desarrollo de pr\u00e1cticas educativas contextualizadas, basadas en posicionamientos te\u00f3ricos claros, creatividad, innovaci\u00f3n, compromiso social y respeto por la diversidad.<\/span><\/p>\n<p><b>\u00c1rea:<\/b><span style=\"font-weight: 400;\"> Ciencias Sociales y Humanas<\/span><span style=\"font-weight: 400;\"><br \/><\/span><b>Grado:<\/b><span style=\"font-weight: 400;\"> Educaci\u00f3n Superior<\/span><span style=\"font-weight: 400;\"><br \/><\/span><b>Gesti\u00f3n:<\/b><span style=\"font-weight: 400;\"> Estatal<\/span><span style=\"font-weight: 400;\"><br \/><\/span><b>Modalidad:<\/b><span style=\"font-weight: 400;\"> Presencial<\/span><\/p>\n<hr \/>\n<p><b>Descripci\u00f3n<\/b><\/p>\n<p><span style=\"font-weight: 400;\">Este Profesorado garantiza una formaci\u00f3n docente inicial integral, articulando los campos de formaci\u00f3n pedag\u00f3gica, espec\u00edfica y de pr\u00e1ctica profesional, con el respaldo de diversos campos del conocimiento. Se busca el desarrollo de habilidades y actitudes para una docencia \u00e9tica, cr\u00edtica, reflexiva y eficiente, reconociendo a la Educaci\u00f3n Especial como un derecho y un deber social.<\/span><\/p>\n<p><span style=\"font-weight: 400;\">Se parte del reconocimiento de que las personas con discapacidad intelectual son sujetos de derecho, integrantes activos de sus familias y comunidades, con caracter\u00edsticas personales, sociales, culturales y ling\u00fc\u00edsticas singulares. La propuesta pedag\u00f3gica se centra en procesos constructivos y relacionales de aprendizaje.<\/span><\/p>\n<p><span style=\"font-weight: 400;\">El profesorado tambi\u00e9n estimula la cooperaci\u00f3n, la construcci\u00f3n de redes interinstitucionales, el trabajo en equipo y la responsabilidad social. Se propicia la formaci\u00f3n de ciudadanos y profesionales conscientes de sus deberes y derechos, preparados para liderar iniciativas frente a problem\u00e1ticas \u00e1ulicas, institucionales y comunitarias.<\/span><\/p>\n<p><span style=\"font-weight: 400;\">Se impulsa la construcci\u00f3n de una identidad profesional s\u00f3lida, a trav\u00e9s del an\u00e1lisis de fundamentos pol\u00edticos, sociol\u00f3gicos, epistemol\u00f3gicos, pedag\u00f3gicos, psicol\u00f3gicos y did\u00e1cticos que atraviesan las teor\u00edas de la ense\u00f1anza, el aprendizaje y el desarrollo de competencias espec\u00edficas para el campo de la Educaci\u00f3n Especial.<\/span><\/p>\n<p><b>Duraci\u00f3n<\/b><\/p>\n<p><b>Cuatro a\u00f1os<\/b><span style=\"font-weight: 400;\">, organizados en ocho cuatrimestres, con una carga horaria ajustada a los marcos regulatorios provinciales.<\/span><\/p>\n<hr \/>\n<p><b>D\u00f3nde trabajar<\/b><\/p>\n<ul>\n<li style=\"font-weight: 400;\" aria-level=\"1\"><span style=\"font-weight: 400;\">Carrera aprobada por la Resoluci\u00f3n 6866\/2023 de la Direcci\u00f3n General de Escuelas y Resoluci\u00f3n del Ministerio de Educaci\u00f3n de la Naci\u00f3n, que le otorga validez nacional. Este profesorado brinda una formaci\u00f3n integral, de desarrollo personal, cultural y profesional, que le permite desempe\u00f1arse en los siguientes puestos de trabajo:<\/span><\/li>\n<\/ul>\n<ul>\n<li style=\"font-weight: 400;\" aria-level=\"1\"><span style=\"font-weight: 400;\">Profesor\/a de Educaci\u00f3n Especial en escuelas especiales para ni\u00f1as, ni\u00f1os, j\u00f3venes y adultos con discapacidad intelectual<\/span><\/li>\n<li style=\"font-weight: 400;\" aria-level=\"1\"><span style=\"font-weight: 400;\">Jardines de infantes de Educaci\u00f3n Especial<\/span><\/li>\n<li style=\"font-weight: 400;\" aria-level=\"1\"><span style=\"font-weight: 400;\">Profesor integrador en escuelas de Educaci\u00f3n Primaria para ni\u00f1os de las edades se\u00f1aladas<\/span><\/li>\n<li style=\"font-weight: 400;\" aria-level=\"1\"><span style=\"font-weight: 400;\">Apoyo educativo en instituciones municipales y servicios privados.<\/span><\/li>\n<\/ul>\n<hr \/>\n<p><b>PLAN DE ESTUDIOS<\/b><\/p>\n<p><b>Primer a\u00f1o<\/b><\/p>\n<ol>\n<li>Comprensi\u00f3n y Producci\u00f3n de Textos Acad\u00e9micos<\/li>\n<li>Pensamiento Filos\u00f3fico<\/li>\n<li><span style=\"font-weight: 400;\">Pedagog\u00eda<\/span><\/li>\n<li>Sistema Educativo<\/li>\n<li>Educaci\u00f3n Art\u00edstica: Artes Visuales<\/li>\n<li>Educaci\u00f3n Art\u00edstica: M\u00fasica<\/li>\n<li>Educaci\u00f3n Especial Contempor\u00e1nea<\/li>\n<li>Neuropsicosociolog\u00eda del Desarrollo<\/li>\n<li>Discapacidad Intelectual: caracter\u00edsticas del desarrollo<\/li>\n<li><span style=\"font-weight: 400;\">\u00a0Atenci\u00f3n Temprana<\/span><\/li>\n<li><span style=\"font-weight: 400;\"> Pr\u00e1ctica Profesional Docente I<\/span><\/li>\n<\/ol>\n<p><b>Segundo a\u00f1o<\/b><\/p>\n<ol start=\"12\">\n<li>Did\u00e1ctica<\/li>\n<li>Psicolog\u00eda Educacional<\/li>\n<li><span style=\"font-weight: 400;\"> Instituciones Educativas<\/span><\/li>\n<li>Abordaje Pedag\u00f3gico Did\u00e1ctico I<\/li>\n<li>Sujetos de la Educaci\u00f3n I<\/li>\n<li>Sujetos de la Educaci\u00f3n II<\/li>\n<li>Psicomotricidad<\/li>\n<li>Discapacidad Motora y Abordaje Pedag\u00f3gico Did\u00e1ctico<\/li>\n<li>Did\u00e1ctica de la Matem\u00e1tica<\/li>\n<li>Did\u00e1ctica de la Lengua<\/li>\n<li>Did\u00e1ctica de la Literatura<\/li>\n<li>Did\u00e1ctica de las Ciencias Naturales<\/li>\n<li><span style=\"font-weight: 400;\"> Pr\u00e1ctica Profesional Docente II<\/span><\/li>\n<\/ol>\n<p><b>Tercer a\u00f1o<\/b><\/p>\n<ol start=\"23\">\n<li><span style=\"font-weight: 400;\">Gesti\u00f3n y Evaluaci\u00f3n de los Aprendizajes<\/span><\/li>\n<li>Proyectos de Intervenci\u00f3n Socioeducativa<\/li>\n<li><span style=\"font-weight: 400;\">Did\u00e1ctica de la Formaci\u00f3n \u00c9tica y Ciudadana<\/span><\/li>\n<li>Abordaje Pedag\u00f3gico Did\u00e1ctico II<\/li>\n<li>Comunicaci\u00f3n y Desarrollo del Lenguaje en la Persona con Discapacidad<\/li>\n<li>Did\u00e1ctica de las Ciencias Sociales\u00a0<\/li>\n<li>Discapacidad M\u00faltiple y Abordaje Pedag\u00f3gico Did\u00e1ctico<\/li>\n<li>Perspeciva Social, Transici\u00f3n a la Vida Adulta y Ocupaci\u00f3n Laboral<\/li>\n<li>Alfabetizaci\u00f3n<\/li>\n<li><span style=\"font-weight: 400;\"> Pr\u00e1ctica Profesional Docente III<\/span><\/li>\n<\/ol>\n<p><b>Cuarto a\u00f1o<\/b><\/p>\n<ol start=\"34\">\n<li>Educaci\u00f3n y Tecnolog\u00eda Digitales<\/li>\n<li>ESI<\/li>\n<li>Historia y Patrimonio Cultural de Mendoza<\/li>\n<li>UCE: Formaci\u00f3n Complementaria General<\/li>\n<li>UCE: Formaci\u00f3n Complementaria Espec\u00edfica<\/li>\n<li>Educaci\u00f3n Art\u00edstica: Teatro<\/li>\n<li><span style=\"font-weight: 400;\"> Pr\u00e1ctica Profesional Docente IV<\/span><\/li>\n<\/ol>\n<p>Si deseas inscribirte a \u00e9sta carrera ingresa al qr del folleto:<\/p>\n<p>\u00a0<\/p>\n\n\n<figure class=\"wp-block-image size-large\"><img decoding=\"async\" loading=\"lazy\" width=\"1343\" height=\"1900\" src=\"https:\/\/ens9005-infd.mendoza.edu.ar\/sitio\/wp-content\/uploads\/2024\/11\/ESPECIAL-2025-1343x1900.png\" alt=\"\" class=\"wp-image-2023\" srcset=\"https:\/\/ens9005-infd.mendoza.edu.ar\/sitio\/wp-content\/uploads\/2024\/11\/ESPECIAL-2025-1343x1900.png 1343w, https:\/\/ens9005-infd.mendoza.edu.ar\/sitio\/wp-content\/uploads\/2024\/11\/ESPECIAL-2025-707x1000.png 707w, https:\/\/ens9005-infd.mendoza.edu.ar\/sitio\/wp-content\/uploads\/2024\/11\/ESPECIAL-2025-768x1086.png 768w, https:\/\/ens9005-infd.mendoza.edu.ar\/sitio\/wp-content\/uploads\/2024\/11\/ESPECIAL-2025-1086x1536.png 1086w, https:\/\/ens9005-infd.mendoza.edu.ar\/sitio\/wp-content\/uploads\/2024\/11\/ESPECIAL-2025.png 1414w\" sizes=\"(max-width: 1343px) 100vw, 1343px\" \/><\/figure>\n","protected":false},"excerpt":{"rendered":"<p>Duraci\u00f3n: 4 a\u00f1os. Resoluci\u00f3n N\u00b0 6866 \/ 2023 Tiene por objetivo contribuir al fortalecimiento de la Educaci\u00f3n Especial en la Provincia de Mendoza, entendida como una Modalidad Educativa y como una estrategia clave para garantizar la equidad y la inclusi\u00f3n social. A trav\u00e9s de la Formaci\u00f3n Inicial de \u201cProfesores de Educaci\u00f3n Especial\u201d, se busca formar &#8230; <a title=\"PROFESORADO DE EDUCACI\u00d3N ESPECIAL CON ORIENTACI\u00d3N EN DISCAPACIDAD INTELECTUAL\" class=\"read-more\" href=\"https:\/\/ens9005-infd.mendoza.edu.ar\/sitio\/prof-de-educacion-especial\/\" aria-label=\"More on PROFESORADO DE EDUCACI\u00d3N ESPECIAL CON ORIENTACI\u00d3N EN DISCAPACIDAD INTELECTUAL\">[+]<\/a><\/p>\n","protected":false},"author":488,"featured_media":0,"parent":0,"menu_order":0,"comment_status":"closed","ping_status":"closed","template":"","meta":[],"acf":[],"_links":{"self":[{"href":"https:\/\/ens9005-infd.mendoza.edu.ar\/sitio\/wp-json\/wp\/v2\/pages\/849"}],"collection":[{"href":"https:\/\/ens9005-infd.mendoza.edu.ar\/sitio\/wp-json\/wp\/v2\/pages"}],"about":[{"href":"https:\/\/ens9005-infd.mendoza.edu.ar\/sitio\/wp-json\/wp\/v2\/types\/page"}],"author":[{"embeddable":true,"href":"https:\/\/ens9005-infd.mendoza.edu.ar\/sitio\/wp-json\/wp\/v2\/users\/488"}],"replies":[{"embeddable":true,"href":"https:\/\/ens9005-infd.mendoza.edu.ar\/sitio\/wp-json\/wp\/v2\/comments?post=849"}],"version-history":[{"count":20,"href":"https:\/\/ens9005-infd.mendoza.edu.ar\/sitio\/wp-json\/wp\/v2\/pages\/849\/revisions"}],"predecessor-version":[{"id":2105,"href":"https:\/\/ens9005-infd.mendoza.edu.ar\/sitio\/wp-json\/wp\/v2\/pages\/849\/revisions\/2105"}],"wp:attachment":[{"href":"https:\/\/ens9005-infd.mendoza.edu.ar\/sitio\/wp-json\/wp\/v2\/media?parent=849"}],"curies":[{"name":"wp","href":"https:\/\/api.w.org\/{rel}","templated":true}]}}