{"id":2002,"date":"2024-11-20T20:48:06","date_gmt":"2024-11-20T23:48:06","guid":{"rendered":"https:\/\/ens9005-infd.mendoza.edu.ar\/sitio\/?page_id=2002"},"modified":"2025-09-08T18:28:49","modified_gmt":"2025-09-08T21:28:49","slug":"formacion-profesional-en-software","status":"publish","type":"page","link":"https:\/\/ens9005-infd.mendoza.edu.ar\/sitio\/formacion-profesional-en-software\/","title":{"rendered":"Formaci\u00f3n Profesional en Software"},"content":{"rendered":"\n<p><\/p>\n\n\n\n<p>La Formaci\u00f3n Profesional en Desarrollo de Software apunta a capacitar t\u00e9cnicos\/as con s\u00f3lidos conocimientos en programaci\u00f3n, dise\u00f1o de sistemas y gesti\u00f3n de proyectos digitales, preparados para intervenir en entornos laborales din\u00e1micos, innovadores y colaborativos.<\/p>\n\n\n\n<p>El\/la egresado\/a ser\u00e1 capaz de analizar requerimientos, desarrollar aplicaciones funcionales, trabajar en equipo y adaptarse a los cambios tecnol\u00f3gicos del sector. La propuesta integra contenidos t\u00e9cnicos y pedag\u00f3gicos con pr\u00e1cticas reales en entornos simulados y v\u00ednculos con organizaciones del medio, favoreciendo el aprendizaje situado y el pensamiento l\u00f3gico-creativo.<\/p>\n\n\n\n<p>Desde el Instituto de Educaci\u00f3n Superior de La Paz se promueve una formaci\u00f3n inclusiva, \u00e9tica y contextualizada, enfocada en el desarrollo local y la articulaci\u00f3n con las demandas productivas, educativas y sociales. El trayecto propone una experiencia educativa integral que combina saberes inform\u00e1ticos con habilidades blandas como la comunicaci\u00f3n, la responsabilidad profesional y la cultura colaborativa.<\/p>\n\n\n\n<p><strong>\u00c1rea: <\/strong>Tecnolog\u00eda y Producci\u00f3n<br><strong>Grado:<\/strong> Formaci\u00f3n Profesional<strong><br><\/strong><strong>Gesti\u00f3n: <\/strong>Estatal<br><strong>Modalidad: <\/strong>Presencial<\/p>\n\n\n\n<p><strong>Descripci\u00f3n<\/strong><\/p>\n\n\n\n<p>La Formaci\u00f3n Profesional en Desarrollo de Software apunta a capacitar t\u00e9cnicos\/as con s\u00f3lidos conocimientos en programaci\u00f3n, dise\u00f1o de sistemas y gesti\u00f3n de proyectos digitales, preparados para intervenir en entornos laborales din\u00e1micos, innovadores y colaborativos.<\/p>\n\n\n\n<p>El\/la egresado\/a ser\u00e1 capaz de analizar requerimientos, desarrollar aplicaciones funcionales, trabajar en equipo y adaptarse a los cambios tecnol\u00f3gicos del sector. La propuesta integra contenidos t\u00e9cnicos y pedag\u00f3gicos con pr\u00e1cticas reales en entornos simulados y v\u00ednculos con organizaciones del medio, favoreciendo el aprendizaje situado y el pensamiento l\u00f3gico-creativo.<\/p>\n\n\n\n<p>Desde el Instituto de Educaci\u00f3n Superior de La Paz se promueve una formaci\u00f3n inclusiva, \u00e9tica y contextualizada, enfocada en el desarrollo local y la articulaci\u00f3n con las demandas productivas, educativas y sociales. El trayecto propone una experiencia educativa integral que combina saberes inform\u00e1ticos con habilidades blandas como la comunicaci\u00f3n, la responsabilidad profesional y la cultura colaborativa.<\/p>\n\n\n\n<p><strong>Duraci\u00f3n<\/strong><\/p>\n\n\n\n<p>Un a\u00f1o y medio distribuidos en cuatrimestres, con instancias de pr\u00e1ctica profesionalizantes desde el primer a\u00f1o.<\/p>\n\n\n\n<p><strong>D\u00f3nde trabajar<\/strong><\/p>\n\n\n\n<p><strong>Quienes egresen podr\u00e1n desempe\u00f1arse como:<\/strong><\/p>\n\n\n\n<ul>\n<li>Desarrolladores\/as de software, tanto en equipos de programaci\u00f3n como en emprendimientos propios.<\/li>\n\n\n\n<li>Programadores\/as y asistentes t\u00e9cnicos en organismos p\u00fablicos, pymes, empresas privadas o cooperativas tecnol\u00f3gicas.<\/li>\n\n\n\n<li>Soporte t\u00e9cnico en instituciones educativas, administrativas o productivas.<\/li>\n\n\n\n<li>Colaboradores\/as en proyectos interdisciplinarios, vinculando tecnolog\u00eda con educaci\u00f3n, producci\u00f3n o servicios.<\/li>\n\n\n\n<li>Tambi\u00e9n podr\u00e1n continuar estudios superiores en carreras afines de inform\u00e1tica, ingenier\u00eda o docencia t\u00e9cnica.<\/li>\n<\/ul>\n\n\n\n<p>El t\u00edtulo posee validez provincial, avalado por la Direcci\u00f3n General de Escuelas de Mendoza, con reconocimiento en programas de desarrollo productivo y educativo regional.<\/p>\n\n\n\n<p><strong>Plan de Estudios<\/strong><\/p>\n\n\n\n<p><strong>Primer A\u00f1o<\/strong><\/p>\n\n\n\n<ul>\n<li>L\u00f3gica Computacional<\/li>\n\n\n\n<li>Fundamentos de Programaci\u00f3n<\/li>\n\n\n\n<li>Programaci\u00f3n estructurada.<\/li>\n\n\n\n<li>Introducci\u00f3n al Desarrollo Web<\/li>\n\n\n\n<li>Bases de Datos<\/li>\n\n\n\n<li>Matem\u00e1tica Aplicada<\/li>\n\n\n\n<li>Comunicaci\u00f3n Profesional<\/li>\n\n\n\n<li>Pr\u00e1ctica Profesionalizante I<\/li>\n<\/ul>\n\n\n\n<p><strong>Segundo A\u00f1o<\/strong><\/p>\n\n\n\n<ul>\n<li>Programaci\u00f3n orientada a objetos<\/li>\n\n\n\n<li>Desarrollo de Aplicaciones<\/li>\n\n\n\n<li>Gesti\u00f3n de Proyectos de Software<\/li>\n\n\n\n<li>Seguridad Inform\u00e1tica<\/li>\n\n\n\n<li>Documentaci\u00f3n T\u00e9cnica<\/li>\n\n\n\n<li>Trabajo Colaborativo y Cultura Dev<\/li>\n\n\n\n<li>Proyecto Final Integrador<\/li>\n\n\n\n<li>Pr\u00e1ctica Profesionalizante II<\/li>\n<\/ul>\n\n\n\n<p>Si deseas inscribirte en \u00e9sta carrera, ingresa al qr del siguiente folleto:<\/p>\n\n\n\n<figure class=\"wp-block-image size-large\"><img decoding=\"async\" loading=\"lazy\" width=\"1343\" height=\"1900\" src=\"https:\/\/ens9005-infd.mendoza.edu.ar\/sitio\/wp-content\/uploads\/2024\/11\/software2025-1343x1900.png\" alt=\"\" class=\"wp-image-2003\" srcset=\"https:\/\/ens9005-infd.mendoza.edu.ar\/sitio\/wp-content\/uploads\/2024\/11\/software2025-1343x1900.png 1343w, https:\/\/ens9005-infd.mendoza.edu.ar\/sitio\/wp-content\/uploads\/2024\/11\/software2025-707x1000.png 707w, https:\/\/ens9005-infd.mendoza.edu.ar\/sitio\/wp-content\/uploads\/2024\/11\/software2025-768x1086.png 768w, https:\/\/ens9005-infd.mendoza.edu.ar\/sitio\/wp-content\/uploads\/2024\/11\/software2025-1086x1536.png 1086w, https:\/\/ens9005-infd.mendoza.edu.ar\/sitio\/wp-content\/uploads\/2024\/11\/software2025.png 1414w\" sizes=\"(max-width: 1343px) 100vw, 1343px\" \/><\/figure>\n","protected":false},"excerpt":{"rendered":"<p>La Formaci\u00f3n Profesional en Desarrollo de Software apunta a capacitar t\u00e9cnicos\/as con s\u00f3lidos conocimientos en programaci\u00f3n, dise\u00f1o de sistemas y gesti\u00f3n de proyectos digitales, preparados para intervenir en entornos laborales din\u00e1micos, innovadores y colaborativos. El\/la egresado\/a ser\u00e1 capaz de analizar requerimientos, desarrollar aplicaciones funcionales, trabajar en equipo y adaptarse a los cambios tecnol\u00f3gicos del sector. &#8230; <a title=\"Formaci\u00f3n Profesional en Software\" class=\"read-more\" href=\"https:\/\/ens9005-infd.mendoza.edu.ar\/sitio\/formacion-profesional-en-software\/\" aria-label=\"More on Formaci\u00f3n Profesional en Software\">[+]<\/a><\/p>\n","protected":false},"author":163,"featured_media":0,"parent":0,"menu_order":0,"comment_status":"closed","ping_status":"closed","template":"","meta":[],"acf":[],"_links":{"self":[{"href":"https:\/\/ens9005-infd.mendoza.edu.ar\/sitio\/wp-json\/wp\/v2\/pages\/2002"}],"collection":[{"href":"https:\/\/ens9005-infd.mendoza.edu.ar\/sitio\/wp-json\/wp\/v2\/pages"}],"about":[{"href":"https:\/\/ens9005-infd.mendoza.edu.ar\/sitio\/wp-json\/wp\/v2\/types\/page"}],"author":[{"embeddable":true,"href":"https:\/\/ens9005-infd.mendoza.edu.ar\/sitio\/wp-json\/wp\/v2\/users\/163"}],"replies":[{"embeddable":true,"href":"https:\/\/ens9005-infd.mendoza.edu.ar\/sitio\/wp-json\/wp\/v2\/comments?post=2002"}],"version-history":[{"count":3,"href":"https:\/\/ens9005-infd.mendoza.edu.ar\/sitio\/wp-json\/wp\/v2\/pages\/2002\/revisions"}],"predecessor-version":[{"id":2080,"href":"https:\/\/ens9005-infd.mendoza.edu.ar\/sitio\/wp-json\/wp\/v2\/pages\/2002\/revisions\/2080"}],"wp:attachment":[{"href":"https:\/\/ens9005-infd.mendoza.edu.ar\/sitio\/wp-json\/wp\/v2\/media?parent=2002"}],"curies":[{"name":"wp","href":"https:\/\/api.w.org\/{rel}","templated":true}]}}